{"id":288,"date":"2020-08-06T17:05:27","date_gmt":"2020-08-06T15:05:27","guid":{"rendered":"http:\/\/www.bikedesign.de\/bikedesign-iserlohn\/?page_id=288"},"modified":"2023-09-05T05:38:56","modified_gmt":"2023-09-05T03:38:56","slug":"warum-bikedesign","status":"publish","type":"page","link":"https:\/\/www.bikedesign.de\/bikedesign-iserlohn\/warum-bikedesign\/","title":{"rendered":"Warum eigentlich \u201eBikedesign\u201c?"},"content":{"rendered":"\t\t<div data-elementor-type=\"wp-page\" data-elementor-id=\"288\" class=\"elementor elementor-288\">\n\t\t\t\t\t\t<div class=\"elementor-inner\">\n\t\t\t\t<div class=\"elementor-section-wrap\">\n\t\t\t\t\t\t\t\t\t<section class=\"elementor-section elementor-top-section elementor-element elementor-element-b54c500 elementor-section-boxed elementor-section-height-default elementor-section-height-default\" data-id=\"b54c500\" data-element_type=\"section\">\n\t\t\t\t\t\t<div class=\"elementor-container elementor-column-gap-default\">\n\t\t\t\t\t\t\t<div class=\"elementor-row\">\n\t\t\t\t\t<div class=\"elementor-column elementor-col-100 elementor-top-column elementor-element elementor-element-d70377e\" data-id=\"d70377e\" data-element_type=\"column\">\n\t\t\t<div class=\"elementor-column-wrap elementor-element-populated\">\n\t\t\t\t\t\t\t<div class=\"elementor-widget-wrap\">\n\t\t\t\t\t\t<section class=\"elementor-section elementor-inner-section elementor-element elementor-element-469b65a elementor-section-boxed elementor-section-height-default elementor-section-height-default\" data-id=\"469b65a\" data-element_type=\"section\">\n\t\t\t\t\t\t<div class=\"elementor-container elementor-column-gap-default\">\n\t\t\t\t\t\t\t<div class=\"elementor-row\">\n\t\t\t\t\t<div class=\"elementor-column elementor-col-50 elementor-inner-column elementor-element elementor-element-bce81e8\" data-id=\"bce81e8\" data-element_type=\"column\">\n\t\t\t<div class=\"elementor-column-wrap elementor-element-populated\">\n\t\t\t\t\t\t\t<div class=\"elementor-widget-wrap\">\n\t\t\t\t\t\t<div class=\"elementor-element elementor-element-bb9fb35 elementor-widget elementor-widget-image\" data-id=\"bb9fb35\" data-element_type=\"widget\" data-widget_type=\"image.default\">\n\t\t\t\t<div class=\"elementor-widget-container\">\n\t\t\t\t\t\t\t\t<div class=\"elementor-image\">\n\t\t\t\t\t\t\t\t\t\t\t\t<img decoding=\"async\" width=\"525\" height=\"405\" src=\"https:\/\/www.bikedesign.de\/bikedesign-iserlohn\/wp-content\/uploads\/2020\/09\/Herkelmann-Collage-1024x790.jpg\" class=\"attachment-large size-large wp-image-466\" alt=\"\" loading=\"lazy\" srcset=\"https:\/\/www.bikedesign.de\/bikedesign-iserlohn\/wp-content\/uploads\/2020\/09\/Herkelmann-Collage-1024x790.jpg 1024w, https:\/\/www.bikedesign.de\/bikedesign-iserlohn\/wp-content\/uploads\/2020\/09\/Herkelmann-Collage-300x231.jpg 300w, https:\/\/www.bikedesign.de\/bikedesign-iserlohn\/wp-content\/uploads\/2020\/09\/Herkelmann-Collage-768x593.jpg 768w, https:\/\/www.bikedesign.de\/bikedesign-iserlohn\/wp-content\/uploads\/2020\/09\/Herkelmann-Collage-1536x1185.jpg 1536w, https:\/\/www.bikedesign.de\/bikedesign-iserlohn\/wp-content\/uploads\/2020\/09\/Herkelmann-Collage.jpg 2000w\" sizes=\"100vw\" \/>\t\t\t\t\t\t\t\t\t\t\t\t\t\t<\/div>\n\t\t\t\t\t\t<\/div>\n\t\t\t\t<\/div>\n\t\t\t\t<div class=\"elementor-element elementor-element-b45e330 elementor-widget elementor-widget-image\" data-id=\"b45e330\" data-element_type=\"widget\" data-widget_type=\"image.default\">\n\t\t\t\t<div class=\"elementor-widget-container\">\n\t\t\t\t\t\t\t\t<div class=\"elementor-image\">\n\t\t\t\t\t\t\t\t\t\t\t\t<img decoding=\"async\" width=\"525\" height=\"350\" src=\"https:\/\/www.bikedesign.de\/bikedesign-iserlohn\/wp-content\/uploads\/2020\/10\/Graffiti-IMG0089-1920-1024x683.jpg\" class=\"attachment-large size-large wp-image-492\" alt=\"\" loading=\"lazy\" srcset=\"https:\/\/www.bikedesign.de\/bikedesign-iserlohn\/wp-content\/uploads\/2020\/10\/Graffiti-IMG0089-1920-1024x683.jpg 1024w, https:\/\/www.bikedesign.de\/bikedesign-iserlohn\/wp-content\/uploads\/2020\/10\/Graffiti-IMG0089-1920-300x200.jpg 300w, https:\/\/www.bikedesign.de\/bikedesign-iserlohn\/wp-content\/uploads\/2020\/10\/Graffiti-IMG0089-1920-768x512.jpg 768w, https:\/\/www.bikedesign.de\/bikedesign-iserlohn\/wp-content\/uploads\/2020\/10\/Graffiti-IMG0089-1920-1536x1024.jpg 1536w, https:\/\/www.bikedesign.de\/bikedesign-iserlohn\/wp-content\/uploads\/2020\/10\/Graffiti-IMG0089-1920.jpg 1920w\" sizes=\"100vw\" \/>\t\t\t\t\t\t\t\t\t\t\t\t\t\t<\/div>\n\t\t\t\t\t\t<\/div>\n\t\t\t\t<\/div>\n\t\t\t\t<div class=\"elementor-element elementor-element-80f1133 elementor-widget elementor-widget-image\" data-id=\"80f1133\" data-element_type=\"widget\" data-widget_type=\"image.default\">\n\t\t\t\t<div class=\"elementor-widget-container\">\n\t\t\t\t\t\t\t\t<div class=\"elementor-image\">\n\t\t\t\t\t\t\t\t\t\t\t\t<img decoding=\"async\" width=\"525\" height=\"356\" src=\"https:\/\/www.bikedesign.de\/bikedesign-iserlohn\/wp-content\/uploads\/2020\/08\/Ralle-Radsport-lackieren-small.jpg\" class=\"attachment-large size-large wp-image-293\" alt=\"\" loading=\"lazy\" srcset=\"https:\/\/www.bikedesign.de\/bikedesign-iserlohn\/wp-content\/uploads\/2020\/08\/Ralle-Radsport-lackieren-small.jpg 1000w, https:\/\/www.bikedesign.de\/bikedesign-iserlohn\/wp-content\/uploads\/2020\/08\/Ralle-Radsport-lackieren-small-300x204.jpg 300w, https:\/\/www.bikedesign.de\/bikedesign-iserlohn\/wp-content\/uploads\/2020\/08\/Ralle-Radsport-lackieren-small-768x521.jpg 768w\" sizes=\"100vw\" \/>\t\t\t\t\t\t\t\t\t\t\t\t\t\t<\/div>\n\t\t\t\t\t\t<\/div>\n\t\t\t\t<\/div>\n\t\t\t\t<div class=\"elementor-element elementor-element-a649708 elementor-widget elementor-widget-image\" data-id=\"a649708\" data-element_type=\"widget\" data-widget_type=\"image.default\">\n\t\t\t\t<div class=\"elementor-widget-container\">\n\t\t\t\t\t\t\t\t<div class=\"elementor-image\">\n\t\t\t\t\t\t\t\t\t\t\t\t<img decoding=\"async\" width=\"525\" height=\"350\" src=\"https:\/\/www.bikedesign.de\/bikedesign-iserlohn\/wp-content\/uploads\/2020\/10\/Lackieren-3-IMG0085-1920-1024x683.jpg\" class=\"attachment-large size-large wp-image-490\" alt=\"\" loading=\"lazy\" srcset=\"https:\/\/www.bikedesign.de\/bikedesign-iserlohn\/wp-content\/uploads\/2020\/10\/Lackieren-3-IMG0085-1920-1024x683.jpg 1024w, https:\/\/www.bikedesign.de\/bikedesign-iserlohn\/wp-content\/uploads\/2020\/10\/Lackieren-3-IMG0085-1920-300x200.jpg 300w, https:\/\/www.bikedesign.de\/bikedesign-iserlohn\/wp-content\/uploads\/2020\/10\/Lackieren-3-IMG0085-1920-768x512.jpg 768w, https:\/\/www.bikedesign.de\/bikedesign-iserlohn\/wp-content\/uploads\/2020\/10\/Lackieren-3-IMG0085-1920-1536x1024.jpg 1536w, https:\/\/www.bikedesign.de\/bikedesign-iserlohn\/wp-content\/uploads\/2020\/10\/Lackieren-3-IMG0085-1920.jpg 1920w\" sizes=\"100vw\" \/>\t\t\t\t\t\t\t\t\t\t\t\t\t\t<\/div>\n\t\t\t\t\t\t<\/div>\n\t\t\t\t<\/div>\n\t\t\t\t\t\t<\/div>\n\t\t\t\t\t<\/div>\n\t\t<\/div>\n\t\t\t\t<div class=\"elementor-column elementor-col-50 elementor-inner-column elementor-element elementor-element-cbf440a\" data-id=\"cbf440a\" data-element_type=\"column\">\n\t\t\t<div class=\"elementor-column-wrap elementor-element-populated\">\n\t\t\t\t\t\t\t<div class=\"elementor-widget-wrap\">\n\t\t\t\t\t\t<div class=\"elementor-element elementor-element-b2fb169 elementor-widget elementor-widget-text-editor\" data-id=\"b2fb169\" data-element_type=\"widget\" data-widget_type=\"text-editor.default\">\n\t\t\t\t<div class=\"elementor-widget-container\">\n\t\t\t\t\t\t\t\t<div class=\"elementor-text-editor elementor-clearfix\">\n\t\t\t\t<p><strong>\u201ebikedesign \u2013 warum dieser Name besteht:<\/strong><\/p><p>Als bikedesign 1989 als Grafischer Betrieb entstand, besch\u00e4ftigte man sich haupts\u00e4chlich mit der Herstellung von Fahrrad-Katalogen und weiteren dazugeh\u00f6rigen Printmedien.<\/p><p>Es wurden aber auch parallel in der Airbrush-Technik hochwertige Fahrrad-Rahmen des Herstellers Bernd Herkelmann gestyled. Hinzu kam in der Airbrush-Technik auch die Gestaltung von custom-made Windsurf-Boards (Clark- und Bennet-Foarm) und Home-PC-Teilen wie Monitor- und Desktop-PC-Geh\u00e4use-Lackierungen, Maus- und Tastaturlackierungen.<\/p><p>Der\u00a0Airbrush-Technik-Bereich wurde vor der Jahrtausendwende eingestellt.<\/p><p>Unser Focus liegt seitdem ganz klar in der digitalen Gestaltung von:<\/p><ul><li><strong>Brosch\u00fcren, Periodikas,<\/strong><\/li><li><strong>Auftragssatzarbeiten, Buchgestaltung<\/strong><\/li><li><strong>Gesch\u00e4ftsdrucksachen, <\/strong><\/li><li><strong>Web-Auftritten, <\/strong><\/li><li><strong>Fahnen-\/Bannerherstellung,<\/strong><\/li><li><strong> Messeauftritten, <\/strong><\/li><li><strong>Folienplots, <\/strong><\/li><li><strong>Erstellung von Coorporate Identities.<\/strong><\/li><\/ul><p>Ob Visitenkarten, Briefbogen, Corporate Identity, Banner- oder Fahnenherstellung . . .<\/p><p>Unser Angebot ist vielf\u00e4ltig, aber vor allen Dingen bieten wir komplette L\u00f6sungen!<\/p><p>Wir lassen Sie nicht nach dem Entwurf mit \u201esch\u00f6nen\u201c Dateien stehen.<\/p><p><strong>Wir produzieren komplett, vom CI-Gespr\u00e4ch bis zur \u2026 fertigen Gesch\u00e4ftsausstattung, zum fertigen Messeauftritt \u2026 uvm.<\/strong><\/p><p><strong>Fordern Sie uns!<\/strong><\/p>\t\t\t\t\t<\/div>\n\t\t\t\t\t\t<\/div>\n\t\t\t\t<\/div>\n\t\t\t\t\t\t<\/div>\n\t\t\t\t\t<\/div>\n\t\t<\/div>\n\t\t\t\t\t\t\t\t<\/div>\n\t\t\t\t\t<\/div>\n\t\t<\/section>\n\t\t\t\t\t\t<\/div>\n\t\t\t\t\t<\/div>\n\t\t<\/div>\n\t\t\t\t\t\t\t\t<\/div>\n\t\t\t\t\t<\/div>\n\t\t<\/section>\n\t\t\t\t\t\t\t\t\t<\/div>\n\t\t\t<\/div>\n\t\t\t\t\t<\/div>\n\t\t","protected":false},"excerpt":{"rendered":"<p>\u201ebikedesign \u2013 warum dieser Name besteht: Als bikedesign 1989 als Grafischer Betrieb entstand, besch\u00e4ftigte man sich haupts\u00e4chlich mit der Herstellung von Fahrrad-Katalogen und weiteren dazugeh\u00f6rigen Printmedien. Es wurden aber auch parallel in der Airbrush-Technik hochwertige Fahrrad-Rahmen des Herstellers Bernd Herkelmann gestyled. Hinzu kam in der Airbrush-Technik auch die Gestaltung von custom-made Windsurf-Boards (Clark- und Bennet-Foarm) &hellip; <\/p>\n<p class=\"link-more\"><a href=\"https:\/\/www.bikedesign.de\/bikedesign-iserlohn\/warum-bikedesign\/\" class=\"more-link\"><span class=\"screen-reader-text\">\u201eWarum eigentlich \u201eBikedesign\u201c?\u201c<\/span> weiterlesen<\/a><\/p>\n","protected":false},"author":1,"featured_media":0,"parent":0,"menu_order":0,"comment_status":"closed","ping_status":"closed","template":"","meta":[],"_links":{"self":[{"href":"https:\/\/www.bikedesign.de\/bikedesign-iserlohn\/wp-json\/wp\/v2\/pages\/288"}],"collection":[{"href":"https:\/\/www.bikedesign.de\/bikedesign-iserlohn\/wp-json\/wp\/v2\/pages"}],"about":[{"href":"https:\/\/www.bikedesign.de\/bikedesign-iserlohn\/wp-json\/wp\/v2\/types\/page"}],"author":[{"embeddable":true,"href":"https:\/\/www.bikedesign.de\/bikedesign-iserlohn\/wp-json\/wp\/v2\/users\/1"}],"replies":[{"embeddable":true,"href":"https:\/\/www.bikedesign.de\/bikedesign-iserlohn\/wp-json\/wp\/v2\/comments?post=288"}],"version-history":[{"count":25,"href":"https:\/\/www.bikedesign.de\/bikedesign-iserlohn\/wp-json\/wp\/v2\/pages\/288\/revisions"}],"predecessor-version":[{"id":1468,"href":"https:\/\/www.bikedesign.de\/bikedesign-iserlohn\/wp-json\/wp\/v2\/pages\/288\/revisions\/1468"}],"wp:attachment":[{"href":"https:\/\/www.bikedesign.de\/bikedesign-iserlohn\/wp-json\/wp\/v2\/media?parent=288"}],"curies":[{"name":"wp","href":"https:\/\/api.w.org\/{rel}","templated":true}]}}